	{"id":1864,"date":"2017-11-08T11:14:53","date_gmt":"2017-11-08T10:14:53","guid":{"rendered":"http:\/\/rebub.u-bordeaux.fr\/?page_id=1864"},"modified":"2026-03-03T10:24:00","modified_gmt":"2026-03-03T09:24:00","slug":"presentation-5","status":"publish","type":"page","link":"http:\/\/rebub.u-bordeaux.fr\/index.php\/le-scoop\/nos-missions\/presentation-5\/","title":{"rendered":"L&rsquo;informatique documentaire"},"content":{"rendered":"<div id='wpig-floatingbar' class='wpig-floatingbar'><div id='wpig-switch-wrapper' class='wpig-switch-wrapper'><span id='wpig-floating-switch' class='wpig-floating-switch'><img src='http:\/\/rebub.u-bordeaux.fr\/wp-content\/plugins\/sticky-toc-advance-table-of-contents\/\\assets\\menu.png'><\/span><\/div><div id='wpig-contents' class='wpig-contents  wpig-sidebar-widget wpig-style-3'><span class='wpig-headline'>Table des mati\u00e8res<span><a data-action='show' class='wpig-btn-toggledisplay'>[ Show ]<\/a><\/span><\/span><!-- Table of Contents --><div id='wpig-table-of-content' class='wpig-table-of-content'><ol><li class='stoc-quest-ce-que-linformatique-documentaire-au-sein-des-bibliotheques'><a href='#stoc-quest-ce-que-linformatique-documentaire-au-sein-des-bibliotheques'>Qu\u2019est-ce que l\u2019informatique documentaire au sein des biblioth\u00e8ques<\/a><\/li><li class='stoc-quelles-sont-les-personnes-en-charge-de-linformatique-documentaire'><a href='#stoc-quelles-sont-les-personnes-en-charge-de-linformatique-documentaire'>Quelles sont les personnes en charge de l\u2019informatique documentaire&nbsp;?<\/a><\/li><li class='stoc-les-missions'><a href='#stoc-les-missions'>Les missions<\/a><\/li><li class='stoc-comment-faire-appel-au-service-et-a-lequipe-en-charge-de-linformatique-documentaire'><a href='#stoc-comment-faire-appel-au-service-et-a-lequipe-en-charge-de-linformatique-documentaire'>Comment faire appel au service et \u00e0 l\u2019\u00e9quipe en charge de l\u2019informatique documentaire&nbsp;?<\/a><\/li><\/ol><\/div><!-- END OF Table of Contents --><\/div><\/div><p><div id='wpig-contents' class='wpig-contents  wpig-sidebar-widget wpig-style-1'><span class='wpig-headline'>Table des mati\u00e8res<span><a data-action='show' class='wpig-btn-toggledisplay'>[ Show ]<\/a><\/span><\/span><!-- Table of Contents --><div id='wpig-table-of-content' class='wpig-table-of-content' ><ol><li class='stoc-quest-ce-que-linformatique-documentaire-au-sein-des-bibliotheques'><a href='#stoc-quest-ce-que-linformatique-documentaire-au-sein-des-bibliotheques'>Qu\u2019est-ce que l\u2019informatique documentaire au sein des biblioth\u00e8ques<\/a><\/li><li class='stoc-quelles-sont-les-personnes-en-charge-de-linformatique-documentaire'><a href='#stoc-quelles-sont-les-personnes-en-charge-de-linformatique-documentaire'>Quelles sont les personnes en charge de l\u2019informatique documentaire&nbsp;?<\/a><\/li><li class='stoc-les-missions'><a href='#stoc-les-missions'>Les missions<\/a><\/li><li class='stoc-comment-faire-appel-au-service-et-a-lequipe-en-charge-de-linformatique-documentaire'><a href='#stoc-comment-faire-appel-au-service-et-a-lequipe-en-charge-de-linformatique-documentaire'>Comment faire appel au service et \u00e0 l\u2019\u00e9quipe en charge de l\u2019informatique documentaire&nbsp;?<\/a><\/li><\/ol><\/div><!-- END OF Table of Contents --><\/div><\/p>\n<h3 id=\"stoc-quest-ce-que-linformatique-documentaire-au-sein-des-bibliotheques\" class=\"wpig-heading\">Qu\u2019est-ce que l\u2019informatique documentaire au sein des biblioth\u00e8ques<\/h3>\n\n\n\n<p>L\u2019informatique documentaire r\u00e9unit les biblioth\u00e8ques des 5 \u00e9tablissements du r\u00e9seau et couvre l&rsquo;outil de gestion des biblioth\u00e8ques et l\u2019interface publique (le catalogue).<\/p>\n\n\n\n<h3 id=\"stoc-quelles-sont-les-personnes-en-charge-de-linformatique-documentaire\" class=\"wpig-heading\">Quelles sont les personnes en charge de l\u2019informatique documentaire&nbsp;?<\/h3>\n\n\n\n<p>L\u2019\u00e9quipe est compos\u00e9e de <strong>Julien Kirchner<\/strong>, responsable du service, d&rsquo;<strong>Aur\u00e9lie Baque<\/strong>, administratrice du Syst\u00e8me Informatique Documentaire par int\u00e9rim et de <strong>Pierre Pouget<\/strong>, assistant \u00e0 l&rsquo;administration SID.<\/p>\n\n\n\n<p>Julien et Aur\u00e9lie sont les personnes-ressources sur les questions li\u00e9es aux outils documentaires (Alma, Biblio+, Babord+) pour les \u00e9tablissements partenaires du r\u00e9seau.<\/p>\n\n\n\n<h3 id=\"stoc-les-missions\" class=\"wpig-heading\">Les missions<\/h3>\n\n\n\n<ul>\n<li>Assister les utilisateurs des logiciels<\/li>\n\n\n\n<li>Maintenir les syst\u00e8mes et pallier aux \u00e9ventuels dysfonctionnements&nbsp;: les outils de gestion des biblioth\u00e8ques&nbsp; et des ressources \u00e9lectroniques, l\u2019interface publique<\/li>\n\n\n\n<li>Harmoniser les pratiques dans le syst\u00e8me de gestion des biblioth\u00e8ques en diffusant les proc\u00e9dures<\/li>\n\n\n\n<li>Proposer et coordonner des sessions de formations aux outils<\/li>\n<\/ul>\n\n\n\n<p>Sur l\u2019ensemble de ces sujets, le service d\u2019informatique documentaire travaille en \u00e9troite collaboration avec la Direction des Syst\u00e8mes Informatiques de l\u2019Universit\u00e9 de Bordeaux.<\/p>\n\n\n\n<h3 id=\"stoc-comment-faire-appel-au-service-et-a-lequipe-en-charge-de-linformatique-documentaire\" class=\"wpig-heading\">Comment faire appel au service et \u00e0 l\u2019\u00e9quipe en charge de l\u2019informatique documentaire&nbsp;?<\/h3>\n\n\n\n<p>Le service SID dispose d\u2019une adresse de contact unique&nbsp;: <a href=\"mailto:scoop@u-bordeaux.fr\">scoop@u-bordeaux.fr<\/a> pour toutes vos questions sur le fonctionnement des outils.<\/p>\n\n\n\n<p>Cette adresse est associ\u00e9e \u00e0 un outil qui permet le suivi des demandes par un syst\u00e8me de tickets.<\/p>\n\n\n\n<div class=\"is-layout-flex wp-container-6 wp-block-columns bord-bloc-reutilisable has-background\" style=\"background-color:#d9edf7\">\n<div class=\"is-layout-flow wp-block-column is-vertically-aligned-center\" style=\"font-size:15px;flex-basis:20%\">\n<p style=\"font-size:15px\"><strong>Date de publication<\/strong> <\/p>\n\n\n<div style=\"font-size:15px;\" class=\"wp-block-post-date\"><time datetime=\"2017-11-08T11:14:53+01:00\">8 novembre 2017<\/time><\/div><\/div>\n\n\n\n<div class=\"is-layout-flow wp-block-column is-vertically-aligned-center\" style=\"font-size:15px;flex-basis:20%\">\n<p><strong>Mis \u00e0 jour le <\/strong><\/p>\n\n\n<div style=\"font-size:15px;\" class=\"wp-block-post-date\"><time datetime=\"2026-03-03T10:24:00+01:00\">3 mars 2026<\/time><\/div><\/div>\n\n\n\n<div class=\"is-layout-flow wp-block-column is-vertically-aligned-center\" style=\"font-size:15px;flex-basis:40%\">\n<p><\/p>\n\n\n\n<p><strong>Attention ! <\/strong>Certains \u00e9tablissements utilisent parfois de proc\u00e9dures compl\u00e9mentaires <\/p>\n<\/div>\n\n\n\n<div class=\"is-layout-flow wp-block-column is-vertically-aligned-center\" style=\"font-size:15px;flex-basis:25%\">\n<div class=\"is-horizontal is-content-justification-center is-layout-flex wp-container-4 wp-block-buttons alignfull has-custom-font-size\" style=\"font-size:16px\">\n<div class=\"wp-block-button has-custom-width wp-block-button__width-75 has-custom-font-size is-style-fill\" style=\"font-size:15px\"><a class=\"wp-block-button__link has-white-color has-text-color has-background wp-element-button\" href=\"mailto:scoop@u-bordeaux.fr\" style=\"border-radius:65px;background-color:#000000db\"><strong>Signaler une erreur<\/strong><\/a><\/div>\n<\/div>\n<\/div>\n<\/div>\n","protected":false},"excerpt":{"rendered":"<p>Table des mati\u00e8res[ Show ]Qu\u2019est-ce que l\u2019informatique documentaire au sein des biblioth\u00e8quesQuelles sont les personnes en charge de l\u2019informatique documentaire&nbsp;?Les missionsComment faire appel au service et \u00e0 l\u2019\u00e9quipe en charge de l\u2019informatique documentaire&nbsp;?Qu\u2019est-ce que l\u2019informatique documentaire au sein des biblioth\u00e8ques&#8230;<\/p>\n","protected":false},"author":46,"featured_media":0,"parent":19312,"menu_order":1,"comment_status":"closed","ping_status":"closed","template":"","meta":[],"post_mailing_queue_ids":[],"_links":{"self":[{"href":"http:\/\/rebub.u-bordeaux.fr\/index.php\/wp-json\/wp\/v2\/pages\/1864"}],"collection":[{"href":"http:\/\/rebub.u-bordeaux.fr\/index.php\/wp-json\/wp\/v2\/pages"}],"about":[{"href":"http:\/\/rebub.u-bordeaux.fr\/index.php\/wp-json\/wp\/v2\/types\/page"}],"author":[{"embeddable":true,"href":"http:\/\/rebub.u-bordeaux.fr\/index.php\/wp-json\/wp\/v2\/users\/46"}],"replies":[{"embeddable":true,"href":"http:\/\/rebub.u-bordeaux.fr\/index.php\/wp-json\/wp\/v2\/comments?post=1864"}],"version-history":[{"count":9,"href":"http:\/\/rebub.u-bordeaux.fr\/index.php\/wp-json\/wp\/v2\/pages\/1864\/revisions"}],"predecessor-version":[{"id":24717,"href":"http:\/\/rebub.u-bordeaux.fr\/index.php\/wp-json\/wp\/v2\/pages\/1864\/revisions\/24717"}],"up":[{"embeddable":true,"href":"http:\/\/rebub.u-bordeaux.fr\/index.php\/wp-json\/wp\/v2\/pages\/19312"}],"wp:attachment":[{"href":"http:\/\/rebub.u-bordeaux.fr\/index.php\/wp-json\/wp\/v2\/media?parent=1864"}],"curies":[{"name":"wp","href":"https:\/\/api.w.org\/{rel}","templated":true}]}}